{"id":142,"date":"2016-01-14T12:37:37","date_gmt":"2016-01-14T12:37:37","guid":{"rendered":"http:\/\/rm-kunde.de\/igcity\/?page_id=142"},"modified":"2024-07-27T18:18:35","modified_gmt":"2024-07-27T16:18:35","slug":"ueber","status":"publish","type":"page","link":"https:\/\/ig-herne-city.com\/index.php\/ueber\/","title":{"rendered":"Die IG Herne City"},"content":{"rendered":"<p>[vc_row full_width=&#8220;stretch_row&#8220; css=&#8220;.vc_custom_1489164685645{margin-bottom: 30px !important;padding-bottom: 20px !important;background-image: url(http:\/\/rm-kunde.de\/igcity\/wp-content\/uploads\/2016\/01\/bg_04.jpg?id=143) !important;}&#8220;][vc_column]<div class=\"columns_wrap sc_columns columns_nofluid sc_columns_count_2\"><div class=\"column-1_2 sc_column_item sc_column_item_1 odd first\"><h3 class=\"sc_title sc_title_regular\" style=\"margin-top: 4.05em;margin-bottom: 1.35em;\">IG Herne City e.V.<\/h3>[vc_column_text el_class=&#8220;short_text&#8220;]Seit \u00fcber 45 Jahren setzt sich die IG Herne City e.V. f\u00fcr die Belange der Kaufleute in Herne ein.<\/p>\n<p>Mit Ma\u00dfnahmen zur Imagepflege, einem attraktiven Veranstaltungsangebot f\u00fcr die Herner Innenstadt und weiteren Aktivit\u00e4ten zur Ausgestaltung der Einkaufsmeile \u201cBoulevard Bahnhofstra\u00dfe\u201d, nimmt die Werbegemeinschaft die Interessen des Herner Handels wahr und sorgt somit stetig f\u00fcr neue Impulse.<\/p>\n<p>Um auch zuk\u00fcnftig bestm\u00f6glich aufgestellt zu sein, sind wir stets daran interessiert, weitere aktive Mitstreiter aus den Reihen der Herner Kaufmannschaft f\u00fcr uns gewinnen zu k\u00f6nnen. Wir w\u00fcrden uns daher freuen, Sie als zuk\u00fcnftiges Mitglied bei uns begr\u00fc\u00dfen zu d\u00fcrfen.<\/p>\n<p class=\"bodytext\">Nehmen Sie <a class=\"internal-link\" href=\"https:\/\/www.ig-herne-city.com\/index.php\/kontakt\/\">Kontakt<\/a> mit uns auf!<\/p>\n<p>[\/vc_column_text]<\/div><div class=\"column-1_2 sc_column_item sc_column_item_2 even\"><\/div><\/div>[\/vc_column][\/vc_row][vc_row full_width=&#8220;stretch_row&#8220; css=&#8220;.vc_custom_1489164685645{margin-bottom: 30px !important;padding-bottom: 20px !important;background-image: url(http:\/\/rm-kunde.de\/igcity\/wp-content\/uploads\/2016\/01\/bg_04.jpg?id=143) !important;}&#8220;][vc_column]<div class=\"columns_wrap sc_columns columns_nofluid sc_columns_count_1\"><div class=\"column-1_1 sc_column_item sc_column_item_1 odd first\">[vc_column_text]<\/p>\n<div class=\"csc-header csc-header-n1\">\n<h4 class=\"csc-firstHeader\">Die IG Herne City e.V. wird durch den Vorstand vertreten:<\/h4>\n<\/div>\n<div>\n<p class=\"bodytext\"><span class=\"s1\">Herr Norbert Menzel (LM:V) Vorsitz und Gesch\u00e4ftsf\u00fchrer der IG Herne City Veranstaltungs GmbH<br \/>\n<\/span><span class=\"s1\">Stellvertreter:<br \/>\nHerr <\/span><span data-ogsc=\"black\">Ansgar Montag (Caritas<\/span>)<br \/>\n<span data-ogsc=\"black\">Herr Thomas Niehage (Hausverwaltung)<\/span><\/p>\n<p class=\"bodytext\"><span class=\"s1\">Schatzmeister: Holger Wennrich (Gesch\u00e4ftsf\u00fchrer Stadtmarketing Herne GmbH)<\/span><\/p>\n<p class=\"bodytext\">Durch den kontinuierlichen Aufbau weiterer Kooperationen in verschiedensten Bereichen mit kompetenten Partnern und durch kontinuierliches Engagement, wollen wir uns auch in Zukunft f\u00fcr die IG Herne City e.V. stark machen und uns f\u00fcr die Belange unserer Mitglieder einsetzen.<\/p>\n<\/div>\n<div>\n<p class=\"bodytext\"><b>Unser Beirat<\/b><br \/>\n<span class=\"s1\">Herr Heinrich Beesterm\u00f6ller (Rechtsanwalt, Immobilieneigent\u00fcmer Bahnhofstra\u00dfe)<\/span><span class=\"s1\"><br \/>\n<\/span><span class=\"s1\">Frau Elisabeth R\u00f6ttsches (H\u00e4ndlerin \/ Literaturhaus Herne Ruhr )<\/span><\/p>\n<p class=\"bodytext\">Nehmen Sie Kontakt mit uns auf, wir freuen uns \u00fcber Ihre aktive, tatkr\u00e4ftige Unterst\u00fctzung, Ihre Ideen und Anregungen aber auch \u00fcber konstruktive Kritik!<\/p>\n<p class=\"bodytext\">[\/vc_column_text]<\/div><\/div>[\/vc_column][\/vc_row][vc_row full_width=&#8220;stretch_row&#8220; css=&#8220;.vc_custom_1468861120913{margin-bottom: 100px !important;padding-bottom: 100px !important;background-image: url(http:\/\/rm-kunde.de\/igcity\/wp-content\/uploads\/2016\/01\/bg_05.jpg?id=174) !important;}&#8220; el_class=&#8220;green&#8220;][vc_column]<div class=\"sc_content content_wrap\"><div class=\"columns_wrap sc_columns columns_nofluid sc_columns_count_2\"><div class=\"column-1_2 sc_column_item sc_column_item_1 odd first\"><h3 class=\"sc_title sc_title_regular\" style=\"margin-top: 1.5em;margin-bottom: 1.35em;\">Unsere Ziele<\/h3>[vc_column_text]Im zentralen Fokus steht die <strong>Verbesserung des Standortes der Herner City<\/strong> f\u00fcr die Bereiche <strong>Einkauf, Freizeit, Leben, Wohnen<\/strong> und <strong>Arbeiten<\/strong> sowie die damit verbundene kontinuierliche Attraktivit\u00e4tssteigerung der Herner Einkaufsstra\u00dfen.<\/p>\n<\/div>\n<p>Wir wollen weiterhin aktiv zur <strong>Aufwertung<\/strong> und <strong>Belebung<\/strong> der <strong>Herner Innenstadt<\/strong> und zur <strong>Sicherung des Standortes<\/strong> beitragen.<\/p>\n<p>Wir wollen die <strong>Interessen unserer Mitglieder b\u00fcndeln<\/strong>, als <strong>kompetenter<\/strong>, <strong>zentraler Ansprechpartner<\/strong> fungieren und unsere Mitglieder bei der Durch- und Umsetzung ihrer Interessen und Ideen unterst\u00fctzen. Durch <strong>impulsgebende Anregungen<\/strong> und <strong>eigene Initiativen<\/strong> wollen wir gemeinsam mit der Stadt Herne, dem Stadtmarketing \u2013 SMH, den Beh\u00f6rden und Vereinen <strong>nachhaltig zur positiven Entwicklung der Innenstadt<\/strong> beitragen. Anregungen aber auch Hinweise auf Probleme, werden von uns aufgegriffen und durch intensive Kommunikation und Zusammenarbeit mit den zuvor genannten Partnern umgesetzt bzw. geregelt.<\/p>\n<p>Ein weiterer wichtiger Fokus liegt auf der <strong>Unterst\u00fctzung des Einzelhandels<\/strong>, um dessen Marktauftritt weiter zu st\u00e4rken und zu verbessern. Um die <strong>Angebotsvielfalt<\/strong> und die <strong>besondere Leistungsf\u00e4higkeit<\/strong>, die <strong>Sortimentsgestaltung<\/strong> der Gesch\u00e4fte der Innenstadt f\u00fcr die Kunden \u00fcbersichtlicher, jederzeit verf\u00fcgbar und auch attraktiver zu machen, finden Sie auf dieser Website die <a href=\"https:\/\/www.ig-herne-city.com\/index.php\/mitglieder\/\">Mitglieder\u00fcbersicht<\/a> und das Leistungsverzeichnis.[\/vc_column_text]<\/div><div class=\"column-1_2 sc_column_item sc_column_item_2 even\"><h3 class=\"sc_title sc_title_regular\" style=\"margin-top: 4.05em;margin-bottom: 1.35em;\">Ihre Vorteile<\/h3>[vc_column_text]<\/p>\n<p class=\"bodytext\">\u2022 intensive Interessenvertretung unserer Mitglieder<\/p>\n<p class=\"bodytext\">\u2022 kontinuierliche\u00a0Kooperation mit Politik, Stadtverwaltung, Stadtmarketing &#8211; SMH-,\u00a0Wirtschaftsverb\u00e4nden und der IHK\u00a0zur St\u00e4rkung der Stadt und des Innenstadtbereiches<\/p>\n<p class=\"bodytext\">\u2022 intensive Kommunikation nach innen und au\u00dfen durch gemeinsame Veranstaltungen, Aktionen, Werbema\u00dfnahmen, Vortr\u00e4ge, Veranstaltungen, uvm.<\/p>\n<p class=\"bodytext\">\u2022 Durchf\u00fchrung von regelm\u00e4\u00dfigen Treffen zum Ideenaustausch<\/p>\n<p class=\"bodytext\">\u2022 Vermittlung von Kontakten z.B. zu IHK, Einzelhandelsverband, Interessenvertretungen, Politik und Wirtschaft, uvm.<\/p>\n<p class=\"bodytext\">\u2022 intensiver Informationsaustausch und Mitwirkung bei Belangen der Herner Innenstadt und der Stadtentwicklung<\/p>\n<p class=\"bodytext\">\u2022 kontinuierliche Information\u00a0der Mitglieder<\/p>\n<p class=\"bodytext\">\u2022 gemeinsame Werbung<\/p>\n<p class=\"bodytext\">\u2022 gemeinsame Initiativen, regelm\u00e4\u00dfige Sonderveranstaltungen und Aktionen<\/p>\n<p class=\"bodytext\">\u2022 gemeinsamer Einkauf von Dienstleistungen<\/p>\n<p class=\"bodytext\">\u2022 volle steuerliche Abzugsf\u00e4higkeit der nach Unternehmensgr\u00f6\u00dfe gestaffelten Mitgliedsbeitr\u00e4ge<\/p>\n<p>[\/vc_column_text]<\/div><\/div><\/div>[\/vc_column][\/vc_row]<\/p>\n","protected":false},"excerpt":{"rendered":"<p>[vc_row full_width=&#8220;stretch_row&#8220; css=&#8220;.vc_custom_1489164685645{margin-bottom: 30px !important;padding-bottom: 20px !important;background-image: url(http:\/\/rm-kunde.de\/igcity\/wp-content\/uploads\/2016\/01\/bg_04.jpg?id=143) !important;}&#8220;][vc_column][\/vc_column][\/vc_row][vc_row full_width=&#8220;stretch_row&#8220; css=&#8220;.vc_custom_1489164685645{margin-bottom: 30px !important;padding-bottom: 20px !important;background-image: url(http:\/\/rm-kunde.de\/igcity\/wp-content\/uploads\/2016\/01\/bg_04.jpg?id=143) !important;}&#8220;][vc_column][\/vc_column][\/vc_row][vc_row full_width=&#8220;stretch_row&#8220; css=&#8220;.vc_custom_1468861120913{margin-bottom: 100px !important;padding-bottom: 100px !important;background-image: url(http:\/\/rm-kunde.de\/igcity\/wp-content\/uploads\/2016\/01\/bg_05.jpg?id=174) !important;}&#8220; el_class=&#8220;green&#8220;][vc_column][\/vc_column][\/vc_row]<\/p>\n","protected":false},"author":13,"featured_media":0,"parent":0,"menu_order":0,"comment_status":"closed","ping_status":"closed","template":"","meta":{"footnotes":""},"class_list":["post-142","page","type-page","status-publish","hentry"],"_links":{"self":[{"href":"https:\/\/ig-herne-city.com\/index.php\/wp-json\/wp\/v2\/pages\/142","targetHints":{"allow":["GET"]}}],"collection":[{"href":"https:\/\/ig-herne-city.com\/index.php\/wp-json\/wp\/v2\/pages"}],"about":[{"href":"https:\/\/ig-herne-city.com\/index.php\/wp-json\/wp\/v2\/types\/page"}],"author":[{"embeddable":true,"href":"https:\/\/ig-herne-city.com\/index.php\/wp-json\/wp\/v2\/users\/13"}],"replies":[{"embeddable":true,"href":"https:\/\/ig-herne-city.com\/index.php\/wp-json\/wp\/v2\/comments?post=142"}],"version-history":[{"count":15,"href":"https:\/\/ig-herne-city.com\/index.php\/wp-json\/wp\/v2\/pages\/142\/revisions"}],"predecessor-version":[{"id":1403,"href":"https:\/\/ig-herne-city.com\/index.php\/wp-json\/wp\/v2\/pages\/142\/revisions\/1403"}],"wp:attachment":[{"href":"https:\/\/ig-herne-city.com\/index.php\/wp-json\/wp\/v2\/media?parent=142"}],"curies":[{"name":"wp","href":"https:\/\/api.w.org\/{rel}","templated":true}]}}